{"id":8356,"date":"2021-12-12T19:18:54","date_gmt":"2021-12-12T19:18:54","guid":{"rendered":"https:\/\/bilis.sk\/?page_id=8356"},"modified":"2023-10-01T10:16:05","modified_gmt":"2023-10-01T10:16:05","slug":"gdpr","status":"publish","type":"page","link":"https:\/\/bilis.sk\/en\/gdpr\/","title":{"rendered":"GDPR"},"content":{"rendered":"<div data-elementor-type=\"wp-page\" data-elementor-id=\"8356\" class=\"elementor elementor-8356\">\n\t\t\t\t\t\t<section class=\"elementor-section elementor-top-section elementor-element elementor-element-a3f7f71 elementor-section-boxed elementor-section-height-default elementor-section-height-default\" data-id=\"a3f7f71\" data-element_type=\"section\">\n\t\t\t\t\t\t<div class=\"elementor-container elementor-column-gap-default\">\n\t\t\t\t\t<div class=\"elementor-column elementor-col-100 elementor-top-column elementor-element elementor-element-8f8d01c\" data-id=\"8f8d01c\" data-element_type=\"column\">\n\t\t\t<div class=\"elementor-widget-wrap elementor-element-populated\">\n\t\t\t\t\t\t<div class=\"elementor-element elementor-element-48afea8 elementor-widget elementor-widget-heading\" data-id=\"48afea8\" data-element_type=\"widget\" data-widget_type=\"heading.default\">\n\t\t\t\t<div class=\"elementor-widget-container\">\n\t\t\t\t\t<h4 class=\"elementor-heading-title elementor-size-default\">Spracovanie osobn\u00fdch \u00fadajov<\/h4>\t\t\t\t<\/div>\n\t\t\t\t<\/div>\n\t\t\t\t\t<\/div>\n\t\t<\/div>\n\t\t\t\t\t<\/div>\n\t\t<\/section>\n\t\t\t\t<section class=\"elementor-section elementor-top-section elementor-element elementor-element-c504838 elementor-section-boxed elementor-section-height-default elementor-section-height-default\" data-id=\"c504838\" data-element_type=\"section\">\n\t\t\t\t\t\t<div class=\"elementor-container elementor-column-gap-default\">\n\t\t\t\t\t<div class=\"elementor-column elementor-col-100 elementor-top-column elementor-element elementor-element-8349de6\" data-id=\"8349de6\" data-element_type=\"column\">\n\t\t\t<div class=\"elementor-widget-wrap elementor-element-populated\">\n\t\t\t\t\t\t<div class=\"elementor-element elementor-element-68b4a2b elementor-widget elementor-widget-text-editor\" data-id=\"68b4a2b\" data-element_type=\"widget\" data-widget_type=\"text-editor.default\">\n\t\t\t\t<div class=\"elementor-widget-container\">\n\t\t\t\t\t\t\t\t\t<p>BILI School plne re\u0161pektuje va\u0161e pr\u00e1vo na s\u00fakromie. V tejto sekcii sa dozviete, ako naklad\u00e1me s va\u0161imi osobn\u00fdmi \u00fadajmi a ak\u00e9 s\u00fa va\u0161e pr\u00e1va pod\u013ea \u010dl. 24 v zmysle Nariadenia Eur\u00f3pskeho parlamentu a Rady (E\u00da) 2016\/679 o ochrane fyzick\u00fdch os\u00f4b pri sprac\u00favan\u00ed osobn\u00fdch \u00fadajov a o vo\u013enom pohybe tak\u00fdchto \u00fadajov (\u010falej len ako \u201eNariadenie\u201c) v s\u00falade s \u00a7 32 z\u00e1kona \u010d. 18\/2018 Z. z. o ochrane osobn\u00fdch \u00fadajov (\u010falej ako \u201eZ\u00e1kon\u201c alebo \u201eSmernica\u201c).<\/p><h5>1. Z\u00e1kladn\u00e9 ustanovenia<\/h5><p>Predmetom tejto Smernice je \u00faprava ochrany a nakladania s osobn\u00fdmi \u00fadajmi pri \u010dinnostiach, ktor\u00e9 vykon\u00e1vaj\u00fa opr\u00e1vnen\u00e9 osoby prev\u00e1dzkovate\u013ea, ktor\u00fdm je: <strong>BILI School, <\/strong>s\u00eddlo:<strong> \u0160kolsk\u00e1 29, 99201 Modr\u00fd Kame\u0148, <\/strong>telef\u00f3nny kontakt:\u00a0<strong>+421 905 682 764, <\/strong>e-mail:<strong> hello@bilis.sk<\/strong> (\u010falej ako \u201ePrev\u00e1dzkovate\u013e\u201c).<\/p><h5>2. Opr\u00e1vnen\u00e1 osoba<\/h5><p>Opr\u00e1vnenou osobou sa na \u00fa\u010dely tejto Smernice rozumie konate\u013e a\/alebo zamestnanec Prev\u00e1dzkovate\u013ea, ktor\u00fd pri v\u00fdkone svojej pracovnej \u010dinnosti prich\u00e1dza do styku a\u00a0naklad\u00e1 s osobn\u00fdmi \u00fadajmi dotknut\u00fdch os\u00f4b (\u010falej ako \u201eOpr\u00e1vnen\u00e1 osoba\u201c).<\/p><h6>V\u0160EOBECN\u00c9 PR\u00c1VA A POVINNOSTI<\/h6><ul><li>Osobn\u00e9 \u00fadaje musia by\u0165 primerane zabezpe\u010den\u00e9 vo v\u0161etk\u00fdch pr\u00edpadoch, kedy sa s nimi v organiz\u00e1cii naklad\u00e1.<\/li><li>Opr\u00e1vnen\u00e1 osoba m\u00f4\u017ee naklada\u0165 s osobn\u00fdmi \u00fadajmi len za predpokladu, \u017ee je to na v\u00fdkon jej pracovn\u00fdch \u010dinnost\u00ed nevyhnutn\u00e9 alebo na z\u00e1klade individu\u00e1lneho poverenia Prev\u00e1dzkovate\u013ea.<\/li><li>Opr\u00e1vnen\u00e1 osoba je povinn\u00e1 zachov\u00e1va\u0165 ml\u010danlivos\u0165 o osobn\u00fdch \u00fadajoch, s ktor\u00fdmi prich\u00e1dza do styku pri v\u00fdkone svojej pracovnej \u010dinnosti alebo \u010dinnosti vypl\u00fdvaj\u00facej z jej poverenia.<\/li><li>Povinnos\u0165 ml\u010danlivosti trv\u00e1 aj po ukon\u010den\u00ed pracovn\u00e9ho pomeru s opr\u00e1vnenou osobou.<\/li><li>Opr\u00e1vnen\u00e1 osoba m\u00f4\u017ee naklada\u0165 len s tak\u00fdmi osobn\u00fdmi \u00fadajmi, ktor\u00e9 s\u00fa nevyhnutn\u00e9 na v\u00fdkon jej pracovnej \u010dinnosti alebo \u010dinnost\u00ed vypl\u00fdvaj\u00facich z poverenia.<\/li><li>Opr\u00e1vnen\u00e1 osoba m\u00f4\u017ee vykon\u00e1va\u0165 len tie oper\u00e1cie s osobn\u00fdmi \u00fadajmi, ktor\u00e9 s\u00fa nevyhnutn\u00e9 na v\u00fdkon jej pracovnej \u010dinnosti alebo \u010dinnosti vypl\u00fdvaj\u00facej z poverenia.<\/li><li>Opr\u00e1vnen\u00e1 osoba nesmie z\u00edskava\u0165 inform\u00e1cie t\u00fdkaj\u00face sa osobn\u00fdch \u00fadajov nad r\u00e1mec jej pracovnej \u010dinnosti alebo poverenia.<\/li><li>Opr\u00e1vnen\u00e1 osoba je povinn\u00e1 dba\u0165 o to, aby pri v\u00fdkone jej pracovn\u00fdch \u010dinnost\u00ed alebo \u010dinnost\u00ed vypl\u00fdvaj\u00facich z poverenia nedo\u0161lo k \u00faniku sprac\u00favan\u00fdch osobn\u00fdch \u00fadajov alebo k naru\u0161eniu bezpe\u010dnosti spracovate\u013esk\u00fdch oper\u00e1ci\u00ed.<\/li><\/ul><h5>3. Osobn\u00e9 \u00fadaje<\/h5><p>Osobn\u00e9 \u00fadaje prev\u00e1dzkovate\u013ea s\u00fa ulo\u017een\u00e9 a z\u00e1lohovan\u00e9 v datab\u00e1ze webovej str\u00e1nky.<\/p><p>Do datab\u00e1zy sa opr\u00e1vnen\u00e1 osoba dostane v\u00fdlu\u010dne pomocou pr\u00edstupov na FTP hosting a\u00a0pomocou zabezpe\u010denia menom a\u00a0heslom.<\/p><p>Ka\u017ed\u00e1 opr\u00e1vnen\u00e1 osoba m\u00e1 svoje pr\u00edstupov\u00e9 meno a heslo potrebn\u00e9 na pr\u00edstup do administr\u00e1cie webstr\u00e1nky, pri\u010dom je datab\u00e1za dostupn\u00e1 iba pre osoby, ktor\u00e9 dobrovo\u013ene zadali svoje \u00fadaje a\u00a0v\u00fdlu\u010dne na pou\u017eitie v\u00a0r\u00e1mci rozsahu pracovnej \u010dinnosti zamestnanca.<\/p><p>P\u00edsomn\u00fd s\u00fahlas ude\u013euje Prev\u00e1dzkovate\u013e na \u017eiados\u0165, a to len v rozsahu potrebnom na splnenie \u00fa\u010delu opr\u00e1vnenej osoby.<\/p><p>Opr\u00e1vnen\u00e1 osoba n\u00e1sledne predlo\u017e\u00ed p\u00edsomn\u00fd s\u00fahlas ved\u00facemu IT oddelenia, ktor\u00fd jej poskytne osobn\u00e9 \u00fadaje len v rozsahu s\u00fahlasu, ktor\u00fd udelil Prev\u00e1dzkovate\u013e.<\/p><p>Opr\u00e1vnen\u00e1 osoba nesmie z\u00edskan\u00e9 osobn\u00e9 \u00fadaje poskytova\u0165 tret\u00edm stran\u00e1m ani osob\u00e1m.<\/p><p>Opr\u00e1vnen\u00e1 osoba nesmie poskytova\u0165 svoje pr\u00edstupov\u00e9 do administr\u00e1cie \u017eiadnym in\u00fdm osob\u00e1m.<\/p><h5>4. Ochrana osobn\u00fdch \u00fadajov<\/h5><p>V\u0161etky pracovn\u00e9 po\u010d\u00edta\u010de opr\u00e1vnen\u00fdch os\u00f4b musia ma\u0165 zaheslovanie a\u00a0heslom chr\u00e1nen\u00fd pr\u00edstup a\u00a0po ukon\u010den\u00ed pr\u00e1ce musia by\u0165 u\u017e\u00edvatelia odhl\u00e1sen\u00fd.<\/p><p>Osobn\u00e9 \u00fadaje sa nesm\u00fa nach\u00e1dza\u0165 na verejne dostupnom mieste a\u00a0musia by\u0165 ochr\u00e1nen\u00e9 v\u00a0uzamykate\u013en\u00fdch priestoroch nedostupn\u00fdch tret\u00edm stran\u00e1m.<\/p><h5>5. Poru\u0161enie bezpe\u010dnosti<\/h5><p>V pr\u00edpade, \u017ee d\u00f4jde k poru\u0161eniu bezpe\u010dnosti osobn\u00fdch \u00fadajov, je opr\u00e1vnen\u00e1 osoba bezodkladne povinn\u00e1 informova\u0165 v\u0161etky z\u00fa\u010dastnen\u00e9 strany.<\/p><p>Opr\u00e1vnen\u00e1 osoba je povinn\u00e1 preru\u0161i\u0165 svoju \u010dinnos\u0165, pri\u010dom nesmie vykona\u0165 ak\u00e9ko\u013evek \u00fakony, ktor\u00e9 by mohli vies\u0165 k zv\u00fd\u0161eniu rizika bezpe\u010dnosti osobn\u00fdch \u00fadajov.<\/p><p>Opr\u00e1vnen\u00e1 osoba je povinn\u00e1 informova\u0165 o\u00a0type a\u00a0\u00faniku osobn\u00fdch inform\u00e1ci\u00ed.<\/p><p>Opr\u00e1vnen\u00e1 osoba odovzd\u00e1 z\u00e1pisnicu konate\u013eovi spolo\u010dnosti.<\/p><h6>SPRACOVANIE PODAN\u00cd DOTKNUT\u00ddCH OSOB<\/h6><ul><li>\u017diadosti a n\u00e1mietky dotknut\u00fdch os\u00f4b sprac\u00fava osoba, ktorej to vypl\u00fdva z\u00a0n\u00e1plne pracovnej \u010dinnosti alebo z poverenia (\u010falej ako \u201eUr\u010den\u00e1 osoba\u201c).<\/li><li>Ur\u010den\u00e1 osoba po prijat\u00ed \u017eiadosti, n\u00e1mietky alebo s\u0165a\u017enosti dotknutej osoby (\u010falej ako \u201ePodanie\u201c) informuje dotknut\u00fa osobu o jej prijat\u00ed a \u010fal\u0161om postupe.<\/li><li>Ur\u010den\u00e1 osoba je povinn\u00e1 vyhodnoti\u0165 podanie dotknutej osoby najnesk\u00f4r v lehote 30 dn\u00ed odo d\u0148a jej doru\u010denia.<\/li><li>Pokia\u013e by si vyhodnotenie podania vy\u017eadovalo viac \u010dasu, je ur\u010den\u00e1 osoba povinn\u00e1 kontaktova\u0165 Prev\u00e1dzkovate\u013ea a primerane o tom informova\u0165 aj dotknut\u00e9 osoby.<\/li><li>Po vyhodnoten\u00ed podania je ur\u010den\u00e1 osoba povinn\u00e1 n\u00e1le\u017eite informova\u0165 dotknut\u00e9 osoby vo vy\u0161\u0161ie stanovenej lehote.<\/li><\/ul><h6>\u00a0<\/h6><h5 style=\"text-align: center;\"><strong>INFORMA\u010cN\u00c1 POVINNOS\u0164 PREV\u00c1DZKOVATE\u013dA<\/strong><\/h5><p style=\"text-align: center;\">Pod\u013ea \u010dl. 13 nariadenia Eur\u00f3pskeho parlamentu a Rady (E\u00da) 2016\/679 o ochrane fyzick\u00fdch os\u00f4b pri sprac\u00favan\u00ed osobn\u00fdch \u00fadajov a o vo\u013enom pohybe tak\u00fdchto \u00fadajov (\u010falej ako \u201eNariadenie\u201c) v s\u00falade s \u00a7 19 z\u00e1kona \u010d. 18\/2018 Z. z. o ochrane osobn\u00fdch \u00fadajov (\u010falej ako \u201eZ\u00e1kon\u201c)<\/p><p>Prev\u00e1dzkovate\u013eom str\u00e1nky je <strong>BILI School, <\/strong>s\u00eddlo:<strong> \u0160kolsk\u00e1 29, 99201 Modr\u00fd Kame\u0148<\/strong>, zodpovedn\u00e1 osoba: <strong>Ing. Zuzana Decker, <\/strong>e-mail: <strong>hello@bilis.sk <\/strong>(\u010falej ako\u00a0\u201ePrev\u00e1dzkovate\u013e\u201c).<\/p><p>Prev\u00e1dzkovate\u013e v r\u00e1mci svojich aktiv\u00edt ktor\u00fdmi je najm\u00e4 vzdel\u00e1vacia \u010dinnos\u0165 zverejnen\u00e1 na web str\u00e1nke www.bilis.sk ale aj \u010fal\u0161ie \u010dinnosti uveden\u00e9 v Stanov\u00e1ch ob\u010dianskeho zdru\u017eenia, spracov\u00e1va osobn\u00e9 \u00fadaje dotknut\u00fdch os\u00f4b na reklamn\u00e9 a marketingov\u00e9 \u00fa\u010dely, a z\u00e1rove\u0148 v zmysle uzatvorenia zmluvy alebo viacer\u00fdch zml\u00fav za \u00fa\u010delom sprostredkovania vzdelania, predaja slu\u017eby a doru\u010denia s t\u00fdm s\u00favisiacich produktov a slu\u017eieb. Spracovanie osobn\u00fdch \u00fadajov sa uskuto\u010d\u0148uje z d\u00f4vodu evidencie (doch\u00e1dzka zamestnancov, datab\u00e1za klientov aj obchodn\u00fdch partnerov z d\u00f4vodu neust\u00e1leho zlep\u0161ovania kvality poskytovan\u00fdch slu\u017eieb aj reklam\u00e1cie a pripomienky, z archiva\u010dn\u00fdch d\u00f4vodov, z analytick\u00fdch d\u00f4vodov, z d\u00f4vodu zachovania bezpe\u010dnosti napr. alarm a kamerov\u00fd syst\u00e9m v zmysle platn\u00fdch legislat\u00edvnych ustanoven\u00ed.<\/p><h6>Doba spracovania osobn\u00fdch \u00fadajov na jednotliv\u00e9 \u00fa\u010dely je ur\u010den\u00e1 v rozsahu:<\/h6><ul><li>10 rokov na spracovanie osobn\u00fdch \u00fadajov na marketingov\u00e9 \u00fa\u010dely.<\/li><li>5 rokov\u00a0odo d\u0148a uzatvorenia zmluvy.<\/li><li>V \u010dasovom rozsahu nevyhnutnom na zabezpe\u010denie \u00fa\u010delu spracovania z uveden\u00fdch d\u00f4vodov v zmysle pr\u00edslu\u0161n\u00fdch legislat\u00edvnych ustanoven\u00ed.<\/li><li>Spracovanie osobn\u00fdch \u00fadajov pod\u013ea ods. III p\u00edsm. 3) je z\u00e1konnou po\u017eiadavkou. Bez udelen\u00e9ho s\u00fahlasu nie je mo\u017en\u00e9 spracova\u0165 osobn\u00e9 \u00fadaje \u00fa\u010dastn\u00edkov.<\/li><li>Spracovanie osobn\u00fdch \u00fadajov pod\u013ea ods. III p\u00edsm. 4) je potrebn\u00e9 na uzatvorenie zmluvy. V pr\u00edpade, \u017ee dotknut\u00e1 osoba neposkytne svoje osobn\u00e9 \u00fadaje, nie je mo\u017en\u00e9 uzatvori\u0165 platn\u00fa zmluvu.<\/li><\/ul><p>Dotknut\u00e1 osoba m\u00e1 pr\u00e1vo na pr\u00edstup k svojim \u00fadajom. Na z\u00e1klade \u017eiadosti dotknutej osoby vystav\u00ed prev\u00e1dzkovate\u013e potvrdenie o tom, \u010di sa spracov\u00e1vaj\u00fa osobn\u00e9 \u00fadaje dotknutej osoby, ktor\u00e9 sa jej t\u00fdkaj\u00fa. Pokia\u013e prev\u00e1dzkovate\u013e tieto \u00fadaje spracov\u00e1va, vystav\u00ed na z\u00e1klade \u017eiadosti k\u00f3piu t\u00fdchto osobn\u00fdch \u00fadajov dotknutej osoby.<\/p><p>Vystavenie prvej k\u00f3pie potvrdenia je bezplatn\u00e9. Za ak\u00e9ko\u013evek \u010fal\u0161ie k\u00f3pie, o ktor\u00e9 osoba po\u017eiada, bude prev\u00e1dzkovate\u013e \u00fa\u010dtova\u0165 poplatok zodpovedaj\u00faci administrat\u00edvnym n\u00e1kladom, ktor\u00e9 mu s vystaven\u00edm k\u00f3pie vznikn\u00fa. Pokia\u013e osoba po\u017eiada o inform\u00e1cie formou elektronick\u00fdch prostriedkov, bud\u00fa jej poskytnut\u00e9 v be\u017ene pou\u017e\u00edvanej elektronickej podobe, a to formou e-mailu, pokia\u013e nepo\u017eiada o in\u00fd sp\u00f4sob.<\/p><p>Dotknut\u00e1 osoba m\u00e1 pr\u00e1vo na opravu osobn\u00fdch \u00fadajov, pokia\u013e o nej prev\u00e1dzkovate\u013e eviduje nespr\u00e1vne osobn\u00e9 \u00fadaje. Z\u00e1rove\u0148 m\u00e1 dotknut\u00e1 osoba pr\u00e1vo na doplnenie ne\u00fapln\u00fdch osobn\u00fdch \u00fadajov. Prev\u00e1dzkovate\u013e vykon\u00e1 opravu, pr\u00edpadne doplnenie osobn\u00fdch \u00fadajov bez zbyto\u010dn\u00e9ho odkladu po tom, \u010do ho dotknut\u00e1 osoba po\u017eiada.<\/p><p><strong>Dotknut\u00e1 osoba m\u00e1\u00a0pr\u00e1vo na vymazanie\u00a0osobn\u00fdch \u00fadajov, ktor\u00e9 sa jej t\u00fdkaj\u00fa, za predpokladu, \u017ee:<\/strong><\/p><ul><li>osobn\u00e9 \u00fadaje u\u017e nie s\u00fa potrebn\u00e9 na \u00fa\u010dely, na ktor\u00e9 sa z\u00edskavali alebo inak spracov\u00e1vali,<\/li><li>dotknut\u00e1 osoba odvol\u00e1 s\u00fahlas, na z\u00e1klade ktor\u00e9ho sa spracov\u00e1vanie vykon\u00e1va,<\/li><li>dotknut\u00e1 osoba namieta vo\u010di spracov\u00e1vaniu osobn\u00fdch \u00fadajov,<\/li><li>osobn\u00e9 \u00fadaje sa spracv\u00e1vali nez\u00e1konne,<\/li><li>je d\u00f4vodom pre v\u00fdmaz splnenie povinnosti z\u00e1kona, osobitn\u00e9ho predpisu alebo medzin\u00e1rodnej zmluvy, ktorou je Slovensk\u00e1 republika viazan\u00e1, alebo<\/li><li>osobn\u00e9 \u00fadaje sa z\u00edskavali v s\u00favislosti s ponukou slu\u017eieb informa\u010dnej spolo\u010dnosti osobe mlad\u0161ej ako 16 rokov.<\/li><\/ul><p><strong>Dotknut\u00e1 osoba nebude ma\u0165 pr\u00e1vo na v\u00fdmaz osobn\u00fdch \u00fadajov za predpokladu, \u017ee je ich spracov\u00e1vanie je potrebn\u00e9:<\/strong><\/p><ul><li>na uplatnenie pr\u00e1va na slobodu prejavu a na inform\u00e1cie,<\/li><li>na splnenie povinnosti pod\u013ea z\u00e1kona, osobitn\u00e9ho predpisu alebo medzin\u00e1rodnej zmluvy, ktorou je Slovensk\u00e1 republika viazan\u00e1, alebo na splnenie \u00falohy realizovanej vo verejnom z\u00e1ujme alebo pri v\u00fdkone verejnej moci zverenej prev\u00e1dzkovate\u013eovi,<\/li><li>z d\u00f4vodov verejn\u00e9ho z\u00e1ujmu v oblasti verejn\u00e9ho zdravia,<\/li><li>na \u00fa\u010dely archiv\u00e1cie vo verejnom z\u00e1ujme, na \u00fa\u010dely vedeck\u00e9ho alebo historick\u00e9ho v\u00fdskumu \u010di na \u0161tatistick\u00e9 \u00fa\u010dely, pokia\u013e je pravdepodobn\u00e9, \u017ee pr\u00e1vo na v\u00fdmaz znemo\u017en\u00ed alebo z\u00e1va\u017en\u00fdm sp\u00f4sobom s\u0165a\u017e\u00ed dosiahnutie cie\u013eov tak\u00e9hoto spracov\u00e1vania, alebo na preukazovanie, uplat\u0148ovanie alebo obhajovanie pr\u00e1vnych n\u00e1rokov.<\/li><\/ul><h6>V\u00fdmaz osobn\u00fdch \u00fadajov<\/h6><p>Prev\u00e1dzkovate\u013e vykon\u00e1 v\u00fdmaz osobn\u00fdch \u00fadajov dotknut\u00fdch os\u00f4b na z\u00e1klade \u017eiadosti, a to bez zbyto\u010dn\u00e9ho odkladu po tom, \u010do vyhodnot\u00ed, \u017ee \u017eiados\u0165 dotknutej osoby je d\u00f4vodn\u00e1.<\/p><h6>Obmedzenie spracovania osobn\u00fdch \u00fadajov<\/h6><p>Dotknut\u00e1 osoba m\u00e1 pr\u00e1vo na obmedzenie spracov\u00e1vania osobn\u00fdch \u00fadajov, pokia\u013e:<\/p><ul><li>napadne spr\u00e1vnos\u0165 osobn\u00fdch \u00fadajov n\u00e1mietkou, a to po\u010das obdobia umo\u017e\u0148uj\u00faceho prev\u00e1dzkovate\u013eovi overi\u0165 spr\u00e1vnos\u0165 osobn\u00fdch \u00fadajov,<\/li><li>spracov\u00e1vanie je protiz\u00e1konn\u00e9 a dotknut\u00e1 osoba \u017eiada namiesto v\u00fdmazu osobn\u00fdch \u00fadajov obmedzenie ich pou\u017eitia,<\/li><li>prev\u00e1dzkovate\u013e u\u017e nepotrebuje osobn\u00e9 \u00fadaje na \u00fa\u010dely spracov\u00e1vania, ale potrebuje ich dotknut\u00e1 osoba na preuk\u00e1zanie, uplat\u0148ovanie alebo obhajovanie pr\u00e1vnych n\u00e1rokov,<\/li><li>dotknut\u00e1 osoba namietala vo\u010di spracov\u00e1vaniu osobn\u00fdch \u00fadajov na z\u00e1klade opr\u00e1vnen\u00e9ho n\u00e1roku prev\u00e1dzkovate\u013ea, a to a\u017e do overenia, \u010di opr\u00e1vnen\u00e9 d\u00f4vody na strane prev\u00e1dzkovate\u013ea preva\u017euj\u00fa nad opr\u00e1vnen\u00fdmi d\u00f4vodmi dotknutej osoby.<\/li><\/ul><p>Pokia\u013e dotknut\u00e1 osoba \u017eiada o obmedzenie spracov\u00e1vania jej osobn\u00fdch \u00fadajov, prev\u00e1dzkovate\u013e nebude s dotknut\u00fdmi \u00fadajmi vykon\u00e1va\u0165 \u017eiadne spracovate\u013esk\u00e9 oper\u00e1cie, okrem uchov\u00e1vania, bez s\u00fahlasu dotknutej osoby.<\/p><h5>Informovanos\u0165 o obmedzen\u00ed spracovania osobn\u00fdch \u00fadajov<\/h5><p>Dotknut\u00e1 osoba bude prev\u00e1dzkovate\u013eom informovan\u00e1, pokia\u013e bude obmedzenie spracov\u00e1vania t\u00fdchto \u00fadajov zru\u0161en\u00e9.<\/p><h5>\u00a0<\/h5><h5 style=\"text-align: center;\">INTERN\u00c1 SMERNICA V OBLASTI OCHRANY OSOBN\u00ddCH \u00daDAJOV<\/h5><h6>\u00a0<\/h6><h6>Prenosnos\u0165 \u00fadajov dotknutej osoby<\/h6><p>Dotknut\u00e1 osoba m\u00e1\u00a0pr\u00e1vo na prenosnos\u0165 \u00fadajov, \u010do znamen\u00e1 z\u00edskanie osobn\u00fdch \u00fadajov, ktor\u00e9 poskytla prev\u00e1dzkovate\u013eovi, pri\u010dom m\u00e1 pr\u00e1vo prenies\u0165 tieto \u00fadaje \u010fal\u0161iemu prev\u00e1dzkovate\u013eovi v be\u017ene pou\u017e\u00edvate\u013enom a strojovo \u010ditate\u013enom form\u00e1te za predpokladu, \u017ee osobn\u00e9 \u00fadaje boli z\u00edskan\u00e9 na z\u00e1klade s\u00fahlasu dotknutej osoby alebo na z\u00e1klade zmluvy a ich spracovanie prebieha formou automatizovan\u00fdch prostriedkov.<\/p><h6>Namietanie vo\u010di sprac\u00favaniu osobn\u00fdch \u00fadajov<\/h6><p>Dotknut\u00e1 osoba m\u00e1 pr\u00e1vo kedyko\u013evek namieta\u0165 vo\u010di spracov\u00e1vaniu jej osobn\u00fdch \u00fadajov z d\u00f4vodov t\u00fdkaj\u00facich sa jej konkr\u00e9tnej situ\u00e1cie. Dotknut\u00e1 osoba m\u00f4\u017ee namieta\u0165 spracov\u00e1vanie jej osobn\u00fdch \u00fadajov na z\u00e1klade:<\/p><ul><li>pr\u00e1vneho titulu plnenia \u00faloh realizovan\u00fdch\u00a0vo verejnom z\u00e1ujme\u00a0alebo pri v\u00fdkone verejnej moci, alebo z pr\u00e1vneho titulu\u00a0opr\u00e1vnen\u00e9ho z\u00e1ujmu\u00a0prev\u00e1dzkovate\u013ea,<\/li><li>spracovania osobn\u00fdch \u00fadajov na \u00fa\u010dely priameho marketingu,<\/li><li>spracovania na \u00fa\u010dely\u00a0vedeck\u00e9ho \u010di historick\u00e9ho v\u00fdskumu alebo na \u0161tatistick\u00e9 \u00fa\u010dely.<\/li><\/ul><h5>Obmedzenie sprac\u00favania osobn\u00fdch \u00fadajov<\/h5><p>Pokia\u013e dotknut\u00e1 osoba namietne spracov\u00e1vanie osobn\u00fdch \u00fadajov na \u00fa\u010dely priameho marketingu, jej osobn\u00e9 \u00fadaje prev\u00e1dzkovate\u013e nem\u00f4\u017ee \u010falej spracov\u00e1va\u0165.<\/p><p>Prev\u00e1dzkovate\u013e doru\u010den\u00fa n\u00e1mietku v primeranom \u010dase pos\u00fadi. Prev\u00e1dzkovate\u013e nesmie \u010falej spracov\u00e1va\u0165 osobn\u00e9 \u00fadaje, ak nepreuk\u00e1\u017ee nevyhnutn\u00e9 opr\u00e1vnen\u00e9 z\u00e1ujmy na spracov\u00e1vanie osobn\u00fdch \u00fadajov, ktor\u00e9 preva\u017euj\u00fa nad pr\u00e1vami alebo z\u00e1ujmami dotknutej osoby, alebo d\u00f4vody na uplatnenie pr\u00e1vneho n\u00e1roku.<\/p><h5>Odvolanie s\u00fahlasu so spracovan\u00edm osobn\u00fdch \u00fadajov<\/h5><p>Dotknut\u00e1 osoba m\u00e1 pr\u00e1vo kedyko\u013evek odvola\u0165 svoj s\u00fahlas so spracovan\u00edm osobn\u00fdch \u00fadajov, pokia\u013e bolo spracov\u00e1vanie osobn\u00fdch \u00fadajov zalo\u017een\u00e9 na tomto pr\u00e1vnom titule.<\/p><h6>Sp\u00f4sob odvolania s\u00fahlasu so spracovan\u00edm osobn\u00fdch \u00fadajov<\/h6><p>Dotknut\u00e1 osoba svoj s\u00fahlas\u00a0odvol\u00e1 kontaktovan\u00edm zodpovednej osoby\u00a0so svojou po\u017eiadavkou ak\u00fdmko\u013evek zvolen\u00fdm sp\u00f4sobom.<\/p><h6>Z\u00e1konnos\u0165 sprac\u00favania osobn\u00fdch \u00fadajov<\/h6><p>Z\u00e1konnos\u0165 sprac\u00favania osobn\u00fdch \u00fadajov na z\u00e1klade udelen\u00e9ho s\u00fahlasu v\u0161ak nie je jeho odvolan\u00edm dotknut\u00e1.<\/p><h6>Dotknut\u00e1 osoba m\u00e1 pr\u00e1vo poda\u0165 n\u00e1vrh na za\u010datie konania.<\/h6><p>\u00daradu na ochranu osobn\u00fdch \u00fadajov Slovenskej republiky, pokia\u013e sa domnieva, \u017ee boli poru\u0161en\u00e9 jej pr\u00e1va v oblasti ochrany osobn\u00fdch \u00fadajov. Prev\u00e1dzkovate\u013e vyhlasuje, \u017ee v r\u00e1mci kult\u00fary spolo\u010dnosti okrem pr\u00edslu\u0161n\u00fdch legislat\u00edvnych ustanoven\u00ed dodr\u017euje dobr\u00e9 mravy a potrebu patri\u010dnej ochrany osobn\u00fdch \u00fadajov vn\u00edma ako jeden z mnoh\u00fdch pilierov fungovania vo svojej oblasti podnikate\u013eskej \u010dinnosti.<\/p><h5>\u00a0<\/h5><h5 style=\"text-align: center;\"><strong>INFORM\u00c1CIA O POU\u017d\u00cdVAN\u00cd COOKIES<\/strong><\/h5><p>V s\u00falade s \u00a7 55 ods.5 Z\u00e1kona NRSR \u010d. 351\/2011 Z.z. o elektronick\u00fdch komunik\u00e1ci\u00e1ch v znen\u00ed neskor\u0161\u00edch predpisov si v\u00e1s dovo\u013eujeme informova\u0165 o pou\u017e\u00edvan\u00ed cookies a upriami\u0165 va\u0161u pozornos\u0165 na mo\u017enos\u0165 zmeny nastavenia svojho internetov\u00e9ho prehliada\u010da pre pr\u00edpad, \u017ee v\u00e1m aktu\u00e1lne nastavenie vyu\u017e\u00edvania cookies nevyhovuje. \u010co s\u00fa cookies? S\u00fabory cookies s\u00fa mal\u00e9 textov\u00e9 s\u00fabory, ktor\u00e9 m\u00f4\u017eu by\u0165 do internetov\u00e9ho prehliada\u010da odosielan\u00e9 pri n\u00e1v\u0161teve webov\u00fdch str\u00e1nok a ukladan\u00e9 do v\u00e1\u0161ho zariadenia (po\u010d\u00edta\u010da alebo do in\u00e9ho zariadenia s pr\u00edstupom na internet, ako napr. smartphone alebo tablet). S\u00fabory cookies sa ukladaj\u00fa do prie\u010dinka pre s\u00fabory v\u00e1\u0161ho internetov\u00e9ho prehliada\u010da. Cookies obvykle obsahuj\u00fa n\u00e1zov webovej str\u00e1nky, z ktorej poch\u00e1dzaj\u00fa a d\u00e1tum svojho vzniku. Pri \u010fal\u0161ej n\u00e1v\u0161teve str\u00e1nky webov\u00fd prehliada\u010d znovu na\u010d\u00edta s\u00fabory cookies a tieto inform\u00e1cie odo\u0161le sp\u00e4\u0165 webovej str\u00e1nke, ktor\u00e1 p\u00f4vodne cookies vytvorila. S\u00fabory cookies, ktor\u00e9 pou\u017e\u00edvame, nepo\u0161kodzuj\u00fa v\u00e1\u0161 po\u010d\u00edta\u010d.<\/p><p>Pre\u010do pou\u017e\u00edvame cookies? Cookies pou\u017e\u00edvame s cie\u013eom optim\u00e1lne vytv\u00e1ra\u0165 a neust\u00e1le skvalit\u0148ova\u0165 na\u0161e slu\u017eby, prisp\u00f4sobi\u0165 ich va\u0161im z\u00e1ujmom a potreb\u00e1m a zlep\u0161ova\u0165 ich \u0161trukt\u00faru a obsah. Rozli\u0161ujeme kr\u00e1tkodob\u00e9, tzv. \u201esession cookie\u201c, s\u00fa len do\u010dasn\u00e9 a zost\u00e1vaj\u00fa ulo\u017een\u00e9 v prehliada\u010di len do tej doby, ne\u017e ho zavriete. Dlhodob\u00e9, tzv. \u201epersistent cookie\u201c, zost\u00e1vaj\u00fa ulo\u017een\u00e9 v zariaden\u00ed dlh\u0161ie alebo k\u00fdm ich ru\u010dne neodstr\u00e1nite (doba ponechania cookie vo va\u0161om zariaden\u00ed z\u00e1vis\u00ed na nastaven\u00ed samotnej cookie a nastaven\u00ed v\u00e1\u0161ho prehliada\u010da).<\/p><p><strong><u>NEVYHNUTN\u00c9 COOKIES UMO\u017d\u0147UJ\u00da<\/u><\/strong> zapam\u00e4ta\u0165 si obsah v\u00e1\u0161ho n\u00e1kupn\u00e9ho zoznamu a zapam\u00e4ta\u0165 si miesto, ku ktor\u00e9mu ste sa dostali v ur\u010ditej postupnosti.<\/p><p><strong><u>FUNK\u010cN\u00c9 COOKIES UMO\u017d\u0147UJ\u00da<\/u><\/strong> zapam\u00e4ta\u0165 si va\u0161e prihlasovacie \u00fadaje, zaisti\u0165 bezpe\u010dnos\u0165 po prihl\u00e1sen\u00ed, zabezpe\u010di\u0165 jednotn\u00e9 p\u00f4sobenie celej str\u00e1nky a podporu \u201elive chat\u201f.<\/p><p><strong><u>V\u00ddKONNOSTN\u00c9 COOKIES UMO\u017d\u0147UJ\u00da<\/u><\/strong> podporu v\u00fdkonnosti str\u00e1nky zn\u00ed\u017een\u00edm doby nahr\u00e1vania str\u00e1nok, ktor\u00e9 nav\u0161t\u00edvite, zv\u00fd\u0161enie spokojnosti u\u017e\u00edvate\u013ea.<\/p><p><strong><u>ANALYTICK\u00c9 COOKIES UMO\u017d\u0147UJ\u00da<\/u><\/strong> hlavne trackovac\u00ed n\u00e1stroj google analytics, pre sledovanie n\u00e1v\u0161tevnosti a optimaliz\u00e1ciu obsahu pre u\u017e\u00edvate\u013eov v spojen\u00ed so zlep\u0161en\u00edm u\u017e\u00edvate\u013eskej interakcie \u2013 zv\u00fd\u0161enie spokojnosti u\u017e\u00edvate\u013ea.<\/p><p><strong><u>MARKETINGOV\u00c9 COOKIES UMO\u017d\u0147UJ\u00da<\/u><\/strong> marketingov\u00e9 a remarketingov\u00e9 aktivity, teda Google remarketing tool, Google tag manager a facebook remarketingov\u00e9 n\u00e1stroje, pre zobrazovanie relevantn\u00fdch rekl\u00e1m u\u017e\u00edvate\u013ea \u2013 zv\u00fd\u0161enie spokojnosti u\u017e\u00edvate\u013ea so zobrazovanou reklamou.<\/p><h6>Pou\u017e\u00edvanie cookies<\/h6><p>Pou\u017e\u00edvan\u00edm str\u00e1nok prev\u00e1dzkovan\u00fdch spolo\u010dnos\u0165ou Bili school vyjadrujete s\u00fahlas s pou\u017eit\u00edm cookies v s\u00falade s nastaven\u00edm v\u00e1\u0161ho internetov\u00e9ho prehliada\u010da. Ak nav\u0161t\u00edvite na\u0161e webov\u00e9 str\u00e1nky, v prehliada\u010di m\u00e1te povolen\u00e9 prij\u00edmanie s\u00faborov cookies, nevykon\u00e1te zmenu nastaven\u00ed v\u00e1\u0161ho internetov\u00e9ho prehliada\u010da a pokra\u010dujete v n\u00e1v\u0161teve na\u0161ich web str\u00e1nok pova\u017eujeme to za prijatie na\u0161ich podmienok pou\u017e\u00edvania s\u00faborov cookies.<\/p><h6>Ako m\u00f4\u017eete nastavenia cookies zmeni\u0165?<\/h6><p>In\u0161trukcie na zmenu alebo vymazanie cookies n\u00e1jdete vo vo\u013ebe \u201epomoc\u201c ka\u017ed\u00e9ho prehliada\u010da. Ak pou\u017e\u00edvate rozli\u010dn\u00e9 zariadenia na pr\u00edstup k str\u00e1nkam (napr. po\u010d\u00edta\u010d, smartphone, tablet), odpor\u00fa\u010dame ka\u017ed\u00fd prehliada\u010d na ka\u017edom zariaden\u00ed prisp\u00f4sobi\u0165 va\u0161im preferenci\u00e1m cookies.<\/p><p><strong>VIAC INFORM\u00c1CI\u00cd O NASTAVEN\u00cd V\u00c1\u0160HO PRHLIADA\u010cA M\u00d4\u017dETE N\u00c1JS\u0164 NA T\u00ddCHTO STR\u00c1NKACH:<\/strong> <a href=\"https:\/\/support.google.com\/chrome\/answer\/95647?co=GENIE.Platform%3DDesktop&amp;hl=sk\">Chrome<\/a> <a href=\"https:\/\/support.apple.com\/kb\/ph21411?locale=sk_SK\">Safari<\/a> <a href=\"https:\/\/support.mozilla.org\/sk\/kb\/Spr%C3%A1va%20cookies\">Mozilla Firefox<\/a> <a href=\"https:\/\/support.microsoft.com\/sk-sk\/help\/17442\/windows-internet-explorer-delete-manage-cookies\">Internet Explorer<\/a> <a href=\"https:\/\/privacy.microsoft.com\/en-us\/windows-10-microsoft-edge-and-privacy\">Edge<\/a><\/p><p>Pre\u010do si ponecha\u0165 nastavenie cookies? Pou\u017e\u00edvanie cookies a ich povolenie vo webovom prehliada\u010di je na va\u0161om rozhodnut\u00ed. V pr\u00edpade zmeny ich nastavenia v\u0161ak m\u00f4\u017eu ma\u0165 niektor\u00e9 na\u0161e webov\u00e9 str\u00e1nky obmedzen\u00fa funk\u010dnos\u0165 a zn\u00ed\u017een\u00fd u\u017e\u00edvate\u013esk\u00fd komfort.<\/p><p>Ak\u00e9 s\u00fabory cookies pou\u017e\u00edvame na na\u0161ej str\u00e1nke?<\/p><table width=\"575\"><tbody><tr><td width=\"142\">N\u00e1zov Cookie<\/td><td width=\"88\">Ozna\u010denie<\/td><td width=\"65\">Trvanie<\/td><td width=\"64\">Charakter<\/td><td width=\"216\">Popis<\/td><\/tr><tr><td width=\"142\">cookielawinfo-checkbox-necessary<\/td><td width=\"88\">Nevyhnutn\u00e9<\/td><td width=\"65\">11 mesiacov<\/td><td width=\"64\">nevyhnutn\u00e9<\/td><td width=\"216\">Tento s\u00fabor cookie nastavuje doplnok GDPR Cookie Consent. S\u00fabory cookie sa pou\u017e\u00edvaj\u00fa na ulo\u017eenie s\u00fahlasu pou\u017e\u00edvate\u013ea s ukladan\u00edm s\u00faborov cookie v kateg\u00f3rii \u201eNevyhnutn\u00e9\u201c.<\/td><\/tr><tr><td width=\"142\">cookielawinfo-checkbox-functional<\/td><td width=\"88\">Funk\u010dn\u00e9<\/td><td width=\"65\">11 mesiacov<\/td><td width=\"64\">nevyhnutn\u00e9<\/td><td width=\"216\">S\u00fabor cookie je nastaven\u00fd na z\u00e1klade s\u00fahlasu so s\u00fabormi cookie GDPR na zaznamenanie s\u00fahlasu pou\u017e\u00edvate\u013ea pre s\u00fabory cookie v kateg\u00f3rii \u201eFunk\u010dn\u00e9\u201c.<\/td><\/tr><tr><td width=\"142\">cookielawinfo-checkbox-performance<\/td><td width=\"88\">V\u00fdkonnostn\u00e9<\/td><td width=\"65\">11 mesiacov<\/td><td width=\"64\">nevyhnutn\u00e9<\/td><td width=\"216\">Tento s\u00fabor cookie nastavuje doplnok GDPR Cookie Consent. S\u00fabor cookie sa pou\u017e\u00edva na ulo\u017eenie s\u00fahlasu pou\u017e\u00edvate\u013ea pre s\u00fabory cookie v kateg\u00f3rii \u201eV\u00fdkonnostn\u00e9\u201c.<\/td><\/tr><tr><td width=\"142\">cookielawinfo-checkbox-analytics<\/td><td width=\"88\">Analytick\u00e9<\/td><td width=\"65\">11 mesiacov<\/td><td width=\"64\">nevyhnutn\u00e9<\/td><td width=\"216\">Tento s\u00fabor cookie nastavuje doplnok GDPR Cookie Consent. S\u00fabor cookie sa pou\u017e\u00edva na ulo\u017eenie s\u00fahlasu pou\u017e\u00edvate\u013ea pre s\u00fabory cookie v kateg\u00f3rii \u201eAnalytick\u00e9\u201c.<\/td><\/tr><tr><td width=\"142\">viewed_cookie_policy<\/td><td width=\"88\">Nevyhnutn\u00e9<\/td><td width=\"65\">11 mesiacov<\/td><td width=\"64\">nevyhnutn\u00e9<\/td><td width=\"216\">S\u00fabor cookie je nastaven\u00fd doplnkom GDPR Cookie Consent a pou\u017e\u00edva sa na ulo\u017eenie toho, \u010di pou\u017e\u00edvate\u013e s\u00fahlasil alebo nes\u00fahlasil s pou\u017e\u00edvan\u00edm s\u00faborov cookie. Neuchov\u00e1va \u017eiadne osobn\u00e9 \u00fadaje.<\/td><\/tr><\/tbody><\/table><p>V pr\u00edpade, \u017ee chcete anonymizova\u0165 svoje \u00fadaje posielan\u00e9 do Google Analytics, m\u00f4\u017eete vyu\u017ei\u0165 mo\u017enos\u0165\u00a0<a href=\"https:\/\/tools.google.com\/dlpage\/gaoptout\">Google Analytics Opt-Ou<\/a><\/p>\t\t\t\t\t\t\t\t<\/div>\n\t\t\t\t<\/div>\n\t\t\t\t\t<\/div>\n\t\t<\/div>\n\t\t\t\t\t<\/div>\n\t\t<\/section>\n\t\t\t\t<\/div>","protected":false},"excerpt":{"rendered":"<p>Spracovanie osobn\u00fdch \u00fadajov BILI School plne re\u0161pektuje va\u0161e pr\u00e1vo na s\u00fakromie. V tejto sekcii sa dozviete, ako naklad\u00e1me s va\u0161imi osobn\u00fdmi \u00fadajmi a ak\u00e9 s\u00fa va\u0161e pr\u00e1va pod\u013ea \u010dl. 24 v zmysle Nariadenia Eur\u00f3pskeho parlamentu a Rady (E\u00da) 2016\/679 o ochrane fyzick\u00fdch os\u00f4b pri sprac\u00favan\u00ed [&hellip;]<\/p>\n","protected":false},"author":1,"featured_media":0,"parent":0,"menu_order":0,"comment_status":"closed","ping_status":"closed","template":"","meta":{"footnotes":""},"class_list":["post-8356","page","type-page","status-publish","hentry"],"yoast_head":"<!-- This site is optimized with the Yoast SEO plugin v23.3 - https:\/\/yoast.com\/wordpress\/plugins\/seo\/ -->\n<title>GDPR - BILIS<\/title>\n<meta name=\"robots\" content=\"index, follow, max-snippet:-1, max-image-preview:large, max-video-preview:-1\" \/>\n<link rel=\"canonical\" href=\"https:\/\/bilis.sk\/en\/gdpr\/\" \/>\n<meta property=\"og:locale\" content=\"en_GB\" \/>\n<meta property=\"og:type\" content=\"article\" \/>\n<meta property=\"og:title\" content=\"GDPR - BILIS\" \/>\n<meta property=\"og:description\" content=\"Spracovanie osobn\u00fdch \u00fadajov BILI School plne re\u0161pektuje va\u0161e pr\u00e1vo na s\u00fakromie. V tejto sekcii sa dozviete, ako naklad\u00e1me s va\u0161imi osobn\u00fdmi \u00fadajmi a ak\u00e9 s\u00fa va\u0161e pr\u00e1va pod\u013ea \u010dl. 24 v zmysle Nariadenia Eur\u00f3pskeho parlamentu a Rady (E\u00da) 2016\/679 o ochrane fyzick\u00fdch os\u00f4b pri sprac\u00favan\u00ed [&hellip;]\" \/>\n<meta property=\"og:url\" content=\"https:\/\/bilis.sk\/en\/gdpr\/\" \/>\n<meta property=\"og:site_name\" content=\"BILIS\" \/>\n<meta property=\"article:modified_time\" content=\"2023-10-01T10:16:05+00:00\" \/>\n<meta name=\"twitter:card\" content=\"summary_large_image\" \/>\n<meta name=\"twitter:label1\" content=\"Estimated reading time\" \/>\n\t<meta name=\"twitter:data1\" content=\"13 minutes\" \/>\n<script type=\"application\/ld+json\" class=\"yoast-schema-graph\">{\"@context\":\"https:\/\/schema.org\",\"@graph\":[{\"@type\":\"WebPage\",\"@id\":\"https:\/\/bilis.sk\/gdpr\/\",\"url\":\"https:\/\/bilis.sk\/gdpr\/\",\"name\":\"GDPR - BILIS\",\"isPartOf\":{\"@id\":\"https:\/\/bilis.sk\/#website\"},\"datePublished\":\"2021-12-12T19:18:54+00:00\",\"dateModified\":\"2023-10-01T10:16:05+00:00\",\"breadcrumb\":{\"@id\":\"https:\/\/bilis.sk\/gdpr\/#breadcrumb\"},\"inLanguage\":\"en-GB\",\"potentialAction\":[{\"@type\":\"ReadAction\",\"target\":[\"https:\/\/bilis.sk\/gdpr\/\"]}]},{\"@type\":\"BreadcrumbList\",\"@id\":\"https:\/\/bilis.sk\/gdpr\/#breadcrumb\",\"itemListElement\":[{\"@type\":\"ListItem\",\"position\":1,\"name\":\"Dom\u016f\",\"item\":\"https:\/\/bilis.sk\/\"},{\"@type\":\"ListItem\",\"position\":2,\"name\":\"GDPR\"}]},{\"@type\":\"WebSite\",\"@id\":\"https:\/\/bilis.sk\/#website\",\"url\":\"https:\/\/bilis.sk\/\",\"name\":\"BILIS\",\"description\":\"slovensko-anglick\u00fd program vzdel\u00e1vania od 1. triedy Z\u0160\",\"publisher\":{\"@id\":\"https:\/\/bilis.sk\/#organization\"},\"potentialAction\":[{\"@type\":\"SearchAction\",\"target\":{\"@type\":\"EntryPoint\",\"urlTemplate\":\"https:\/\/bilis.sk\/?s={search_term_string}\"},\"query-input\":\"required name=search_term_string\"}],\"inLanguage\":\"en-GB\"},{\"@type\":\"Organization\",\"@id\":\"https:\/\/bilis.sk\/#organization\",\"name\":\"BILIS\",\"url\":\"https:\/\/bilis.sk\/\",\"logo\":{\"@type\":\"ImageObject\",\"inLanguage\":\"en-GB\",\"@id\":\"https:\/\/bilis.sk\/#\/schema\/logo\/image\/\",\"url\":\"https:\/\/bilis.sk\/wp-content\/uploads\/2023\/05\/BILISZAJO-M-vpravo.png\",\"contentUrl\":\"https:\/\/bilis.sk\/wp-content\/uploads\/2023\/05\/BILISZAJO-M-vpravo.png\",\"width\":256,\"height\":143,\"caption\":\"BILIS\"},\"image\":{\"@id\":\"https:\/\/bilis.sk\/#\/schema\/logo\/image\/\"}}]}<\/script>\n<!-- \/ Yoast SEO plugin. -->","yoast_head_json":{"title":"GDPR - BILIS","robots":{"index":"index","follow":"follow","max-snippet":"max-snippet:-1","max-image-preview":"max-image-preview:large","max-video-preview":"max-video-preview:-1"},"canonical":"https:\/\/bilis.sk\/en\/gdpr\/","og_locale":"en_GB","og_type":"article","og_title":"GDPR - BILIS","og_description":"Spracovanie osobn\u00fdch \u00fadajov BILI School plne re\u0161pektuje va\u0161e pr\u00e1vo na s\u00fakromie. V tejto sekcii sa dozviete, ako naklad\u00e1me s va\u0161imi osobn\u00fdmi \u00fadajmi a ak\u00e9 s\u00fa va\u0161e pr\u00e1va pod\u013ea \u010dl. 24 v zmysle Nariadenia Eur\u00f3pskeho parlamentu a Rady (E\u00da) 2016\/679 o ochrane fyzick\u00fdch os\u00f4b pri sprac\u00favan\u00ed [&hellip;]","og_url":"https:\/\/bilis.sk\/en\/gdpr\/","og_site_name":"BILIS","article_modified_time":"2023-10-01T10:16:05+00:00","twitter_card":"summary_large_image","twitter_misc":{"Estimated reading time":"13 minutes"},"schema":{"@context":"https:\/\/schema.org","@graph":[{"@type":"WebPage","@id":"https:\/\/bilis.sk\/gdpr\/","url":"https:\/\/bilis.sk\/gdpr\/","name":"GDPR - BILIS","isPartOf":{"@id":"https:\/\/bilis.sk\/#website"},"datePublished":"2021-12-12T19:18:54+00:00","dateModified":"2023-10-01T10:16:05+00:00","breadcrumb":{"@id":"https:\/\/bilis.sk\/gdpr\/#breadcrumb"},"inLanguage":"en-GB","potentialAction":[{"@type":"ReadAction","target":["https:\/\/bilis.sk\/gdpr\/"]}]},{"@type":"BreadcrumbList","@id":"https:\/\/bilis.sk\/gdpr\/#breadcrumb","itemListElement":[{"@type":"ListItem","position":1,"name":"Dom\u016f","item":"https:\/\/bilis.sk\/"},{"@type":"ListItem","position":2,"name":"GDPR"}]},{"@type":"WebSite","@id":"https:\/\/bilis.sk\/#website","url":"https:\/\/bilis.sk\/","name":"BILIS","description":"slovensko-anglick\u00fd program vzdel\u00e1vania od 1. triedy Z\u0160","publisher":{"@id":"https:\/\/bilis.sk\/#organization"},"potentialAction":[{"@type":"SearchAction","target":{"@type":"EntryPoint","urlTemplate":"https:\/\/bilis.sk\/?s={search_term_string}"},"query-input":"required name=search_term_string"}],"inLanguage":"en-GB"},{"@type":"Organization","@id":"https:\/\/bilis.sk\/#organization","name":"BILIS","url":"https:\/\/bilis.sk\/","logo":{"@type":"ImageObject","inLanguage":"en-GB","@id":"https:\/\/bilis.sk\/#\/schema\/logo\/image\/","url":"https:\/\/bilis.sk\/wp-content\/uploads\/2023\/05\/BILISZAJO-M-vpravo.png","contentUrl":"https:\/\/bilis.sk\/wp-content\/uploads\/2023\/05\/BILISZAJO-M-vpravo.png","width":256,"height":143,"caption":"BILIS"},"image":{"@id":"https:\/\/bilis.sk\/#\/schema\/logo\/image\/"}}]}},"_links":{"self":[{"href":"https:\/\/bilis.sk\/en\/wp-json\/wp\/v2\/pages\/8356","targetHints":{"allow":["GET"]}}],"collection":[{"href":"https:\/\/bilis.sk\/en\/wp-json\/wp\/v2\/pages"}],"about":[{"href":"https:\/\/bilis.sk\/en\/wp-json\/wp\/v2\/types\/page"}],"author":[{"embeddable":true,"href":"https:\/\/bilis.sk\/en\/wp-json\/wp\/v2\/users\/1"}],"replies":[{"embeddable":true,"href":"https:\/\/bilis.sk\/en\/wp-json\/wp\/v2\/comments?post=8356"}],"version-history":[{"count":55,"href":"https:\/\/bilis.sk\/en\/wp-json\/wp\/v2\/pages\/8356\/revisions"}],"predecessor-version":[{"id":11476,"href":"https:\/\/bilis.sk\/en\/wp-json\/wp\/v2\/pages\/8356\/revisions\/11476"}],"wp:attachment":[{"href":"https:\/\/bilis.sk\/en\/wp-json\/wp\/v2\/media?parent=8356"}],"curies":[{"name":"wp","href":"https:\/\/api.w.org\/{rel}","templated":true}]}}